{"id":2820,"date":"2018-03-18T18:06:37","date_gmt":"2018-03-18T17:06:37","guid":{"rendered":"https:\/\/www.villasilvakorcula.com\/?page_id=2820"},"modified":"2018-10-01T16:44:14","modified_gmt":"2018-10-01T14:44:14","slug":"kontakt-und-buchung","status":"publish","type":"page","link":"https:\/\/www.villasilvakorcula.com\/de\/wohnungen-vela-luka\/kontakt-und-buchung\/","title":{"rendered":"Kontakt und Buchung"},"content":{"rendered":"<h2>Buchen Sie ein Apartment oder senden Sie eine Anfrage f\u00fcr die Verf\u00fcgbarkeit.<\/h2>\n<p>Silvana &amp; Perica Zuvela,<br \/>\n<span style=\"line-height: 1.5;\">Nova<br \/>\n<\/span><span style=\"line-height: 1.5;\">Tel. Vela Luka: +385 20 812 946<br \/>\n<\/span><span style=\"line-height: 1.5;\">Tel. Nova: +385 20 813 132<br \/>\n<\/span><span style=\"line-height: 1.5;\">Mob: +385 91 567 21 37<\/span><\/p>\n<p><strong>Bitte f\u00fcllen Sie das folgende Formular aus, wenn Sie die Wohnung buchen wollen oder um die Verf\u00fcgbarkeit zu \u00fcberpr\u00fcfen.<\/strong><\/p>\n<div class=\"custom \" style=\"background:-moz-linear-gradient(center top , #FFFCB5, #F4CBCB) repeat scroll 0 0 transparent;\n\t\t\t\t\t\t   background: -webkit-gradient(linear, center top, center bottom, from(#FFFCB5), to(#F4CBCB));\n\t\t\t\t\t\t   background: -o-linear-gradient(top, #FFFCB5 0%,#F4CBCB 99%); \/* Opera 11.10+ *\/\n\t\t\t\t\t\t   background: -ms-linear-gradient(top, #FFFCB5 0%,#F4CBCB 99%); \/* IE10+ *\/\n\t\t\t\t\t\t   margin-left:0 !important;\n\t\t\t\t\t\t   margin-right:0 !important;\n\t\t\t\t\t\t   border:1px solid #BBBBBB;\n\t\t\t\t\t\t   background-color: #F4CBCB;\n\t\t\t\t\t\t   width:100%;\n\t\t\t\t\t\t   color:#333333;\"><div class=\"inner-padding\">\n<div class=\"wpcf7 no-js\" id=\"wpcf7-f3146-o1\" lang=\"de-DE\" dir=\"ltr\" data-wpcf7-id=\"3146\">\n<div class=\"screen-reader-response\"><p role=\"status\" aria-live=\"polite\" aria-atomic=\"true\"><\/p> <ul><\/ul><\/div>\n<form action=\"\/de\/wp-json\/wp\/v2\/pages\/2820#wpcf7-f3146-o1\" method=\"post\" class=\"wpcf7-form init\" aria-label=\"Kontaktformular\" novalidate=\"novalidate\" data-status=\"init\">\n<fieldset class=\"hidden-fields-container\"><input type=\"hidden\" name=\"_wpcf7\" value=\"3146\" \/><input type=\"hidden\" name=\"_wpcf7_version\" value=\"6.1.2\" \/><input type=\"hidden\" name=\"_wpcf7_locale\" value=\"de_DE\" \/><input type=\"hidden\" name=\"_wpcf7_unit_tag\" value=\"wpcf7-f3146-o1\" \/><input type=\"hidden\" name=\"_wpcf7_container_post\" value=\"0\" \/><input type=\"hidden\" name=\"_wpcf7_posted_data_hash\" value=\"\" \/>\n<\/fieldset>\n<p>Dein Name (Pflichtfeld)\n<\/p>\n<p><span class=\"wpcf7-form-control-wrap\" data-name=\"your-name\"><input size=\"40\" maxlength=\"400\" class=\"wpcf7-form-control wpcf7-text wpcf7-validates-as-required\" aria-required=\"true\" aria-invalid=\"false\" value=\"\" type=\"text\" name=\"your-name\" \/><\/span>\n<\/p>\n<p>Deine E-Mail-Adresse (Pflichtfeld)\n<\/p>\n<p><span class=\"wpcf7-form-control-wrap\" data-name=\"your-email\"><input size=\"40\" maxlength=\"400\" class=\"wpcf7-form-control wpcf7-email wpcf7-validates-as-required wpcf7-text wpcf7-validates-as-email\" aria-required=\"true\" aria-invalid=\"false\" value=\"\" type=\"email\" name=\"your-email\" \/><\/span>\n<\/p>\n<p>Ankunft\n<\/p>\n<p><span class=\"wpcf7-form-control-wrap\" data-name=\"text-arrival\"><input size=\"40\" maxlength=\"400\" class=\"wpcf7-form-control wpcf7-text datepicker\" aria-invalid=\"false\" value=\"\" type=\"text\" name=\"text-arrival\" \/><\/span>\n<\/p>\n<p>Abfahrt\n<\/p>\n<p><span class=\"wpcf7-form-control-wrap\" data-name=\"text-departure\"><input size=\"40\" maxlength=\"400\" class=\"wpcf7-form-control wpcf7-text datepicker\" aria-invalid=\"false\" value=\"\" type=\"text\" name=\"text-departure\" \/><\/span>\n<\/p>\n<p>Erwachsene\n<\/p>\n<p><span class=\"wpcf7-form-control-wrap\" data-name=\"adults\"><input size=\"40\" maxlength=\"400\" class=\"wpcf7-form-control wpcf7-text\" aria-invalid=\"false\" value=\"\" type=\"text\" name=\"adults\" \/><\/span>\n<\/p>\n<p>Kinder\n<\/p>\n<p><span class=\"wpcf7-form-control-wrap\" data-name=\"children\"><input size=\"40\" maxlength=\"400\" class=\"wpcf7-form-control wpcf7-text\" aria-invalid=\"false\" value=\"\" type=\"text\" name=\"children\" \/><\/span>\n<\/p>\n<p>Wohnungen\n<\/p>\n<p><span class=\"wpcf7-form-control-wrap\" data-name=\"checkbox-750\"><span class=\"wpcf7-form-control wpcf7-checkbox\"><span class=\"wpcf7-list-item first\"><label><input type=\"checkbox\" name=\"checkbox-750[]\" value=\"Apartment 1 - 4+1 persons\" \/><span class=\"wpcf7-list-item-label\">Apartment 1 - 4+1 persons<\/span><\/label><\/span><span class=\"wpcf7-list-item\"><label><input type=\"checkbox\" name=\"checkbox-750[]\" value=\"Apartment 2 - 4+1 persons\" \/><span class=\"wpcf7-list-item-label\">Apartment 2 - 4+1 persons<\/span><\/label><\/span><span class=\"wpcf7-list-item\"><label><input type=\"checkbox\" name=\"checkbox-750[]\" value=\"Apartment 3 - 2+1 persons\" \/><span class=\"wpcf7-list-item-label\">Apartment 3 - 2+1 persons<\/span><\/label><\/span><span class=\"wpcf7-list-item last\"><label><input type=\"checkbox\" name=\"checkbox-750[]\" value=\"Apartment 4 - 6+2 persons\" \/><span class=\"wpcf7-list-item-label\">Apartment 4 - 6+2 persons<\/span><\/label><\/span><\/span><\/span>\n<\/p>\n<p>Fragen\n<\/p>\n<p><span class=\"wpcf7-form-control-wrap\" data-name=\"your-message\"><textarea cols=\"40\" rows=\"10\" maxlength=\"2000\" class=\"wpcf7-form-control wpcf7-textarea\" aria-invalid=\"false\" name=\"your-message\"><\/textarea><\/span>\n<\/p>\n<p><input class=\"wpcf7-form-control wpcf7-submit has-spinner\" type=\"submit\" value=\"Senden\" \/>\n<\/p><p style=\"display: none !important;\" class=\"akismet-fields-container\" data-prefix=\"_wpcf7_ak_\"><label>&#916;<textarea name=\"_wpcf7_ak_hp_textarea\" cols=\"45\" rows=\"8\" maxlength=\"100\"><\/textarea><\/label><input type=\"hidden\" id=\"ak_js_1\" name=\"_wpcf7_ak_js\" value=\"7\"\/><script>document.getElementById( \"ak_js_1\" ).setAttribute( \"value\", ( new Date() ).getTime() );<\/script><\/p><div class=\"wpcf7-response-output\" aria-hidden=\"true\"><\/div>\n<\/form>\n<\/div>\n<\/div><\/div>\n<p>&nbsp;<\/p>\n","protected":false},"excerpt":{"rendered":"<p>Buchen Sie ein Apartment oder senden Sie eine Anfrage f\u00fcr die Verf\u00fcgbarkeit. Silvana &amp; Perica Zuvela, Nova Tel. Vela Luka: +385 20 812 946 Tel. Nova: +385 20 813 132 Mob: +385 91 567 21 37 Bitte f\u00fcllen Sie das folgende Formular aus, wenn Sie die Wohnung<\/p>\n","protected":false},"author":4,"featured_media":0,"parent":2871,"menu_order":0,"comment_status":"closed","ping_status":"closed","template":"page-PageTemplate2.php","meta":{"footnotes":""},"class_list":["post-2820","page","type-page","status-publish","hentry"],"yoast_head":"<!-- This site is optimized with the Yoast SEO plugin v26.2 - https:\/\/yoast.com\/wordpress\/plugins\/seo\/ -->\n<title>Kontakt und Buchung Villa Silva<\/title>\n<meta name=\"robots\" content=\"index, follow, max-snippet:-1, max-image-preview:large, max-video-preview:-1\" \/>\n<link rel=\"canonical\" href=\"https:\/\/www.villasilvakorcula.com\/de\/wohnungen-vela-luka\/kontakt-und-buchung\/\" \/>\n<meta property=\"og:locale\" content=\"de_DE\" \/>\n<meta property=\"og:type\" content=\"article\" \/>\n<meta property=\"og:title\" content=\"Kontakt und Buchung Villa Silva\" \/>\n<meta property=\"og:description\" content=\"Buchen Sie ein Apartment oder senden Sie eine Anfrage f\u00fcr die Verf\u00fcgbarkeit. Silvana &amp; Perica Zuvela, Nova Tel. Vela Luka: +385 20 812 946 Tel. Nova: +385 20 813 132 Mob: +385 91 567 21 37 Bitte f\u00fcllen Sie das folgende Formular aus, wenn Sie die Wohnung\" \/>\n<meta property=\"og:url\" content=\"https:\/\/www.villasilvakorcula.com\/de\/wohnungen-vela-luka\/kontakt-und-buchung\/\" \/>\n<meta property=\"og:site_name\" content=\"Villa Silva\" \/>\n<meta property=\"article:modified_time\" content=\"2018-10-01T14:44:14+00:00\" \/>\n<script type=\"application\/ld+json\" class=\"yoast-schema-graph\">{\"@context\":\"https:\/\/schema.org\",\"@graph\":[{\"@type\":\"WebPage\",\"@id\":\"https:\/\/www.villasilvakorcula.com\/de\/wohnungen-vela-luka\/kontakt-und-buchung\/\",\"url\":\"https:\/\/www.villasilvakorcula.com\/de\/wohnungen-vela-luka\/kontakt-und-buchung\/\",\"name\":\"Kontakt und Buchung Villa Silva\",\"isPartOf\":{\"@id\":\"https:\/\/www.villasilvakorcula.com\/#website\"},\"datePublished\":\"2018-03-18T17:06:37+00:00\",\"dateModified\":\"2018-10-01T14:44:14+00:00\",\"breadcrumb\":{\"@id\":\"https:\/\/www.villasilvakorcula.com\/de\/wohnungen-vela-luka\/kontakt-und-buchung\/#breadcrumb\"},\"inLanguage\":\"de\",\"potentialAction\":[{\"@type\":\"ReadAction\",\"target\":[\"https:\/\/www.villasilvakorcula.com\/de\/wohnungen-vela-luka\/kontakt-und-buchung\/\"]}]},{\"@type\":\"BreadcrumbList\",\"@id\":\"https:\/\/www.villasilvakorcula.com\/de\/wohnungen-vela-luka\/kontakt-und-buchung\/#breadcrumb\",\"itemListElement\":[{\"@type\":\"ListItem\",\"position\":1,\"name\":\"Home\",\"item\":\"https:\/\/www.villasilvakorcula.com\/\"},{\"@type\":\"ListItem\",\"position\":2,\"name\":\"Wohnungen Vela Luka\",\"item\":\"https:\/\/www.villasilvakorcula.com\/de\/wohnungen-vela-luka\/\"},{\"@type\":\"ListItem\",\"position\":3,\"name\":\"Kontakt und Buchung\"}]},{\"@type\":\"WebSite\",\"@id\":\"https:\/\/www.villasilvakorcula.com\/#website\",\"url\":\"https:\/\/www.villasilvakorcula.com\/\",\"name\":\"Villa Silva\",\"description\":\"\",\"potentialAction\":[{\"@type\":\"SearchAction\",\"target\":{\"@type\":\"EntryPoint\",\"urlTemplate\":\"https:\/\/www.villasilvakorcula.com\/?s={search_term_string}\"},\"query-input\":{\"@type\":\"PropertyValueSpecification\",\"valueRequired\":true,\"valueName\":\"search_term_string\"}}],\"inLanguage\":\"de\"}]}<\/script>\n<!-- \/ Yoast SEO plugin. -->","yoast_head_json":{"title":"Kontakt und Buchung Villa Silva","robots":{"index":"index","follow":"follow","max-snippet":"max-snippet:-1","max-image-preview":"max-image-preview:large","max-video-preview":"max-video-preview:-1"},"canonical":"https:\/\/www.villasilvakorcula.com\/de\/wohnungen-vela-luka\/kontakt-und-buchung\/","og_locale":"de_DE","og_type":"article","og_title":"Kontakt und Buchung Villa Silva","og_description":"Buchen Sie ein Apartment oder senden Sie eine Anfrage f\u00fcr die Verf\u00fcgbarkeit. Silvana &amp; Perica Zuvela, Nova Tel. Vela Luka: +385 20 812 946 Tel. Nova: +385 20 813 132 Mob: +385 91 567 21 37 Bitte f\u00fcllen Sie das folgende Formular aus, wenn Sie die Wohnung","og_url":"https:\/\/www.villasilvakorcula.com\/de\/wohnungen-vela-luka\/kontakt-und-buchung\/","og_site_name":"Villa Silva","article_modified_time":"2018-10-01T14:44:14+00:00","schema":{"@context":"https:\/\/schema.org","@graph":[{"@type":"WebPage","@id":"https:\/\/www.villasilvakorcula.com\/de\/wohnungen-vela-luka\/kontakt-und-buchung\/","url":"https:\/\/www.villasilvakorcula.com\/de\/wohnungen-vela-luka\/kontakt-und-buchung\/","name":"Kontakt und Buchung Villa Silva","isPartOf":{"@id":"https:\/\/www.villasilvakorcula.com\/#website"},"datePublished":"2018-03-18T17:06:37+00:00","dateModified":"2018-10-01T14:44:14+00:00","breadcrumb":{"@id":"https:\/\/www.villasilvakorcula.com\/de\/wohnungen-vela-luka\/kontakt-und-buchung\/#breadcrumb"},"inLanguage":"de","potentialAction":[{"@type":"ReadAction","target":["https:\/\/www.villasilvakorcula.com\/de\/wohnungen-vela-luka\/kontakt-und-buchung\/"]}]},{"@type":"BreadcrumbList","@id":"https:\/\/www.villasilvakorcula.com\/de\/wohnungen-vela-luka\/kontakt-und-buchung\/#breadcrumb","itemListElement":[{"@type":"ListItem","position":1,"name":"Home","item":"https:\/\/www.villasilvakorcula.com\/"},{"@type":"ListItem","position":2,"name":"Wohnungen Vela Luka","item":"https:\/\/www.villasilvakorcula.com\/de\/wohnungen-vela-luka\/"},{"@type":"ListItem","position":3,"name":"Kontakt und Buchung"}]},{"@type":"WebSite","@id":"https:\/\/www.villasilvakorcula.com\/#website","url":"https:\/\/www.villasilvakorcula.com\/","name":"Villa Silva","description":"","potentialAction":[{"@type":"SearchAction","target":{"@type":"EntryPoint","urlTemplate":"https:\/\/www.villasilvakorcula.com\/?s={search_term_string}"},"query-input":{"@type":"PropertyValueSpecification","valueRequired":true,"valueName":"search_term_string"}}],"inLanguage":"de"}]}},"jetpack_sharing_enabled":true,"_links":{"self":[{"href":"https:\/\/www.villasilvakorcula.com\/de\/wp-json\/wp\/v2\/pages\/2820","targetHints":{"allow":["GET"]}}],"collection":[{"href":"https:\/\/www.villasilvakorcula.com\/de\/wp-json\/wp\/v2\/pages"}],"about":[{"href":"https:\/\/www.villasilvakorcula.com\/de\/wp-json\/wp\/v2\/types\/page"}],"author":[{"embeddable":true,"href":"https:\/\/www.villasilvakorcula.com\/de\/wp-json\/wp\/v2\/users\/4"}],"replies":[{"embeddable":true,"href":"https:\/\/www.villasilvakorcula.com\/de\/wp-json\/wp\/v2\/comments?post=2820"}],"version-history":[{"count":0,"href":"https:\/\/www.villasilvakorcula.com\/de\/wp-json\/wp\/v2\/pages\/2820\/revisions"}],"up":[{"embeddable":true,"href":"https:\/\/www.villasilvakorcula.com\/de\/wp-json\/wp\/v2\/pages\/2871"}],"wp:attachment":[{"href":"https:\/\/www.villasilvakorcula.com\/de\/wp-json\/wp\/v2\/media?parent=2820"}],"curies":[{"name":"wp","href":"https:\/\/api.w.org\/{rel}","templated":true}]}}